{"id":9634,"date":"2015-06-26T13:26:02","date_gmt":"2015-06-26T13:26:02","guid":{"rendered":"http:\/\/wp.adg.it\/?page_id=9634"},"modified":"2015-06-26T13:26:02","modified_gmt":"2015-06-26T13:26:02","slug":"curso-de-arte-terapia","status":"publish","type":"page","link":"https:\/\/adg.it\/es\/curso-de-arte-terapia\/","title":{"rendered":"Curso de Arte terapia"},"content":{"rendered":"<p>[spb_column width=\u00bb2\/3&#8243; el_position=\u00bbfirst\u00bb] [spb_text_block pb_margin_bottom=\u00bbno\u00bb pb_border_bottom=\u00bbno\u00bb width=\u00bb1\/1&#8243; el_position=\u00bbfirst last\u00bb]\n<p><em>\u00abA trav\u00e9s de la experiencia art\u00edstica puedes dar expresi\u00f3n a tu personalidad, descubrir la alegr\u00eda de crear, desarrollar la inteligencia creativa y profundizar tu conocimiento: esto es arte terapia.\u00bb<\/em><\/p>\n[\/spb_text_block] [spb_accordion width=\u00bb1\/1&#8243; el_position=\u00bbfirst last\u00bb] [spb_accordion_tab title=\u00bbObiettivi del corso\u00bb] [spb_text_block pb_margin_bottom=\u00bbno\u00bb pb_border_bottom=\u00bbno\u00bb width=\u00bb1\/1&#8243; el_position=\u00bbfirst last\u00bb]\n<p>L&#8217;arte terapia ti d\u00e0 la possibilit\u00e0 di capire e di esprimere ci\u00f2 che sei, ci\u00f2 che provi; ha la capacit\u00e0 di venirti incontro e di far emergere i veri desideri della tua vita, chiarire i tuoi scopi e trovare la <span class=\"color-10\">motivazione<\/span> per raggiungerli; ti d\u00e0 gli strumenti necessari per imparare a conoscerti e gestire positivamente l&#8217;energia delle tue emozioni, sostenere l&#8217;<span class=\"color-10\">autostima<\/span>, ridurre lo stress e trovare l&#8217;<span class=\"color-10\">ispirazione<\/span>. L&#8217;arte terapia ti aiuta a liberare la creativit\u00e0, senza la pressione di essere giudicati per le proprie capacit\u00e0; ti incoraggia al lavoro di gruppo e a condividere le scoperte che emergeranno dalla tua esperienza.<\/p>\n[\/spb_text_block] [\/spb_accordion_tab] [spb_accordion_tab title=\u00bbA chi \u00e8 rivolto il corso\u00bb] [spb_text_block pb_margin_bottom=\u00bbno\u00bb pb_border_bottom=\u00bbno\u00bb width=\u00bb1\/1&#8243; el_position=\u00bbfirst last\u00bb]\n<p>Il corso \u00e8 aperto a chi, in possesso o meno di formazione artistica, desidera avvicinarsi all&#8217;aspetto terapeutico dell&#8217;arte. \u00c8 aperto a chi, spinto dalla curiosit\u00e0, vuole confrontarsi con se stesso e liberare le proprie potenzialit\u00e0 espressive e artistiche. \u00c8 aperto a chi vuole capire cos&#8217;\u00e8 l&#8217;arte terapia e le sue applicazioni in ambiti quali scuole, studi d&#8217;arte, workshop e seminari motivazionali.<\/p>\n[\/spb_text_block] [\/spb_accordion_tab] [spb_accordion_tab title=\u00bbCome funziona il corso\u00bb] [spb_text_block pb_margin_bottom=\u00bbno\u00bb pb_border_bottom=\u00bbno\u00bb width=\u00bb1\/1&#8243; el_position=\u00bbfirst last\u00bb]\n<p>Durante il corso si esploreranno temi quali l\u2019importanza dell\u2019arte per la cultura, l\u2019integrazione fra arte e spiritualit\u00e0, l&#8217;esperienza di s\u00e9 nell&#8217;intimo e nel mondo. Il corso prevede alcuni momenti fondamentali: &#8211; comprendere i processi dell\u2019espressione creativa; &#8211; imparare a usare la creativit\u00e0 per aumentare l\u2019autoconsapevolezza e la competenza professionale; &#8211; sviluppare la fiducia in se stessi attraverso la pratica artistica; &#8211; utilizzare l&#8217;esperienza creativa per costruire empatia; &#8211; espandere l\u2019intelligenza emozionale; &#8211; applicare l\u2019arteterapia nella quotidianit\u00e0; &#8211; analizzare le tecniche arte-terapeutiche volte alla realizzazione personale, al rilassamento e al controllo dello stress, alla comunicazione interpersonale.<\/p>\n[\/spb_text_block] [\/spb_accordion_tab] [\/spb_accordion] [sf_gallery gallery_id=\u00bb6412&#8243; slider_transition=\u00bbfade\u00bb show_thumbs=\u00bbyes\u00bb autoplay=\u00bbyes\u00bb show_captions=\u00bbyes\u00bb enable_lightbox=\u00bbyes\u00bb width=\u00bb1\/1&#8243; el_position=\u00bbfirst last\u00bb] [spb_accordion width=\u00bb1\/1&#8243; el_position=\u00bbfirst last\u00bb] [spb_accordion_tab title=\u00bbPrezzo\u00bb] [spb_text_block pb_margin_bottom=\u00bbno\u00bb pb_border_bottom=\u00bbno\u00bb width=\u00bb1\/1&#8243; el_position=\u00bbfirst last\u00bb]\n<p>Per conoscere il prezzo\u00a0del corso di arte terapia si prega di inviare un&#8217;email\u00a0a adg@adg.it<\/p>\n[\/spb_text_block] [\/spb_accordion_tab] [spb_accordion_tab title=\u00bbIl prezzo include\u00bb] [spb_text_block pb_margin_bottom=\u00bbno\u00bb pb_border_bottom=\u00bbno\u00bb width=\u00bb1\/1&#8243; el_position=\u00bbfirst last\u00bb]\n<p>Il materiale didattico \u00e8 fornito dalla scuola fatta eccezione per un diario personale che lo studente deve procurarsi personalmente. Il certificato di frequenza al corso.<\/p>\n[\/spb_text_block] [\/spb_accordion_tab] [spb_accordion_tab title=\u00bbDate\u00bb] [spb_text_block pb_margin_bottom=\u00bbno\u00bb pb_border_bottom=\u00bbno\u00bb width=\u00bb1\/1&#8243; el_position=\u00bbfirst last\u00bb]\n<p>Da definire. I corsi sono organizzati su richiesta per gruppi di almeno 3 persone.<\/p>\n[\/spb_text_block] [\/spb_accordion_tab] [spb_accordion_tab title=\u00bbOrario\u00bb] [spb_text_block pb_margin_bottom=\u00bbno\u00bb pb_border_bottom=\u00bbno\u00bb width=\u00bb1\/1&#8243; el_position=\u00bbfirst last\u00bb]\n<p>Da definire.<\/p>\n[\/spb_text_block] [\/spb_accordion_tab] [spb_accordion_tab title=\u00bbIscrizione\u00bb] [spb_text_block pb_margin_bottom=\u00bbno\u00bb pb_border_bottom=\u00bbno\u00bb width=\u00bb1\/1&#8243; el_position=\u00bbfirst last\u00bb]\n<p>[contact-form-7 id=\u00bb16226&#8243; title=\u00bbDomanda d&#8217;iscrizione: corsi d&#8217;arte\u00bb]<\/p>\n[\/spb_text_block] [\/spb_accordion_tab] [\/spb_accordion] [\/spb_column] [spb_column width=\u00bb1\/3&#8243; el_position=\u00bblast\u00bb] [spb_single_image image=\u00bb5990&#8243; image_size=\u00bbfull\u00bb frame=\u00bbshadowframe\u00bb intro_animation=\u00bbnone\u00bb full_width=\u00bbno\u00bb lightbox=\u00bbyes\u00bb link_target=\u00bb_self\u00bb width=\u00bb1\/1&#8243; el_position=\u00bbfirst last\u00bb] [spb_text_block title=\u00bbContattaci\u00bb pb_margin_bottom=\u00bbno\u00bb pb_border_bottom=\u00bbno\u00bb width=\u00bb1\/1&#8243; el_position=\u00bbfirst last\u00bb]\n<p>[contact-form-7 id=\u00bb16216&#8243; title=\u00bbContattaci\u00bb]<\/p>\n[\/spb_text_block] [testimonial title=\u00bbDicono di noi\u00bb text_size=\u00bbnormal\u00bb item_count=\u00bb2&#8243; order=\u00bbrand\u00bb category=\u00bbAll\u00bb pagination=\u00bbno\u00bb page_link=\u00bbno\u00bb width=\u00bb1\/1&#8243; el_position=\u00bbfirst last\u00bb] [\/spb_column]<\/p>\n","protected":false},"excerpt":{"rendered":"<p>[spb_column width=\u00bb2\/3&#8243; el_position=\u00bbfirst\u00bb] [spb_text_block pb_margin_bottom=\u00bbno\u00bb pb_border_bottom=\u00bbno\u00bb width=\u00bb1\/1&#8243; el_position=\u00bbfirst last\u00bb] \u00abA trav\u00e9s de la experiencia art\u00edstica puedes dar expresi\u00f3n a tu personalidad, descubrir la alegr\u00eda de crear, desarrollar la inteligencia creativa y profundizar tu conocimiento: esto es arte terapia.\u00bb [\/spb_text_block] [spb_accordion width=\u00bb1\/1&#8243; el_position=\u00bbfirst last\u00bb] [spb_accordion_tab title=\u00bbObiettivi del corso\u00bb] [spb_text_block pb_margin_bottom=\u00bbno\u00bb pb_border_bottom=\u00bbno\u00bb width=\u00bb1\/1&#8243; el_position=\u00bbfirst last\u00bb] L&#8217;arte terapia ti d\u00e0 la possibilit\u00e0 di [&hellip;]<\/p>\n","protected":false},"author":27,"featured_media":0,"parent":0,"menu_order":0,"comment_status":"closed","ping_status":"closed","template":"","meta":{"_joinchat":[],"footnotes":""},"class_list":["post-9634","page","type-page","status-publish","hentry"],"aioseo_notices":[],"_links":{"self":[{"href":"https:\/\/adg.it\/es\/wp-json\/wp\/v2\/pages\/9634","targetHints":{"allow":["GET"]}}],"collection":[{"href":"https:\/\/adg.it\/es\/wp-json\/wp\/v2\/pages"}],"about":[{"href":"https:\/\/adg.it\/es\/wp-json\/wp\/v2\/types\/page"}],"author":[{"embeddable":true,"href":"https:\/\/adg.it\/es\/wp-json\/wp\/v2\/users\/27"}],"replies":[{"embeddable":true,"href":"https:\/\/adg.it\/es\/wp-json\/wp\/v2\/comments?post=9634"}],"version-history":[{"count":0,"href":"https:\/\/adg.it\/es\/wp-json\/wp\/v2\/pages\/9634\/revisions"}],"wp:attachment":[{"href":"https:\/\/adg.it\/es\/wp-json\/wp\/v2\/media?parent=9634"}],"curies":[{"name":"wp","href":"https:\/\/api.w.org\/{rel}","templated":true}]}}